{"id":775,"date":"2021-09-30T17:56:31","date_gmt":"2021-09-30T17:56:31","guid":{"rendered":"http:\/\/corporacionamerica.com\/web\/?page_id=775"},"modified":"2021-10-20T17:06:41","modified_gmt":"2021-10-20T17:06:41","slug":"sobre-nosotros","status":"publish","type":"page","link":"https:\/\/corporacionamerica.com\/web\/sobre-nosotros\/","title":{"rendered":"Sobre Nosotros"},"content":{"rendered":"\t\t<div data-elementor-type=\"wp-page\" data-elementor-id=\"775\" class=\"elementor elementor-775\">\n\t\t\t\t\t\t\t\t\t<section class=\"elementor-section elementor-top-section elementor-element elementor-element-329f53ba elementor-section-height-min-height elementor-section-stretched elementor-section-boxed elementor-section-height-default elementor-section-items-middle\" data-id=\"329f53ba\" data-element_type=\"section\" data-settings=\"{&quot;stretch_section&quot;:&quot;section-stretched&quot;,&quot;background_background&quot;:&quot;slideshow&quot;,&quot;background_slideshow_gallery&quot;:[{&quot;id&quot;:1218,&quot;url&quot;:&quot;http:\\\/\\\/corporacionamerica.com\\\/web\\\/wp-content\\\/uploads\\\/2021\\\/10\\\/tim-mossholder-oTjFWTHDRZQ-unsplash-scaled.jpg&quot;},{&quot;id&quot;:947,&quot;url&quot;:&quot;http:\\\/\\\/corporacionamerica.com\\\/web\\\/wp-content\\\/uploads\\\/2021\\\/10\\\/DSC_0228-scaled-e1633535324937.jpg&quot;},{&quot;id&quot;:1018,&quot;url&quot;:&quot;http:\\\/\\\/corporacionamerica.com\\\/web\\\/wp-content\\\/uploads\\\/2021\\\/10\\\/cgcweb5cgc-fotos-1300.jpg&quot;},{&quot;id&quot;:641,&quot;url&quot;:&quot;http:\\\/\\\/corporacionamerica.com\\\/web\\\/wp-content\\\/uploads\\\/2021\\\/09\\\/20210419181055-1.jpg&quot;},{&quot;id&quot;:1077,&quot;url&quot;:&quot;http:\\\/\\\/corporacionamerica.com\\\/web\\\/wp-content\\\/uploads\\\/2021\\\/10\\\/BDFM-Barricas-22-scaled.jpg&quot;}],&quot;background_slideshow_ken_burns&quot;:&quot;yes&quot;,&quot;background_slideshow_loop&quot;:&quot;yes&quot;,&quot;background_slideshow_slide_duration&quot;:5000,&quot;background_slideshow_slide_transition&quot;:&quot;fade&quot;,&quot;background_slideshow_transition_duration&quot;:500,&quot;background_slideshow_ken_burns_zoom_direction&quot;:&quot;in&quot;}\">\n\t\t\t\t\t\t\t<div class=\"elementor-background-overlay\"><\/div>\n\t\t\t\t\t\t\t<div class=\"elementor-container elementor-column-gap-default\">\n\t\t\t\t\t<div class=\"elementor-column elementor-col-100 elementor-top-column elementor-element elementor-element-7294da7a\" data-id=\"7294da7a\" data-element_type=\"column\">\n\t\t\t<div class=\"elementor-widget-wrap elementor-element-populated\">\n\t\t\t\t\t\t\t\t<div class=\"elementor-element elementor-element-2c14343f elementor-widget elementor-widget-heading\" data-id=\"2c14343f\" data-element_type=\"widget\" data-widget_type=\"heading.default\">\n\t\t\t\t<div class=\"elementor-widget-container\">\n\t\t\t<style>\/*! elementor - v3.11.2 - 22-02-2023 *\/\n.elementor-heading-title{padding:0;margin:0;line-height:1}.elementor-widget-heading .elementor-heading-title[class*=elementor-size-]>a{color:inherit;font-size:inherit;line-height:inherit}.elementor-widget-heading .elementor-heading-title.elementor-size-small{font-size:15px}.elementor-widget-heading .elementor-heading-title.elementor-size-medium{font-size:19px}.elementor-widget-heading .elementor-heading-title.elementor-size-large{font-size:29px}.elementor-widget-heading .elementor-heading-title.elementor-size-xl{font-size:39px}.elementor-widget-heading .elementor-heading-title.elementor-size-xxl{font-size:59px}<\/style><h2 class=\"elementor-heading-title elementor-size-default\">\n<\/h2>\t\t<\/div>\n\t\t\t\t<\/div>\n\t\t\t\t\t<\/div>\n\t\t<\/div>\n\t\t\t\t\t\t\t<\/div>\n\t\t<\/section>\n\t\t\t\t<section class=\"elementor-section elementor-top-section elementor-element elementor-element-907616e elementor-section-boxed elementor-section-height-default elementor-section-height-default\" data-id=\"907616e\" data-element_type=\"section\">\n\t\t\t\t\t\t<div class=\"elementor-container elementor-column-gap-default\">\n\t\t\t\t\t<div class=\"elementor-column elementor-col-100 elementor-top-column elementor-element elementor-element-2e1e3f4\" data-id=\"2e1e3f4\" data-element_type=\"column\">\n\t\t\t<div class=\"elementor-widget-wrap elementor-element-populated\">\n\t\t\t\t\t\t\t\t<div class=\"elementor-element elementor-element-129b60e elementor-widget elementor-widget-heading\" data-id=\"129b60e\" data-element_type=\"widget\" data-widget_type=\"heading.default\">\n\t\t\t\t<div class=\"elementor-widget-container\">\n\t\t\t<h2 class=\"elementor-heading-title elementor-size-default\">Inicios.<\/h2>\t\t<\/div>\n\t\t\t\t<\/div>\n\t\t\t\t<div class=\"elementor-element elementor-element-c548c30 elementor-widget elementor-widget-text-editor\" data-id=\"c548c30\" data-element_type=\"widget\" data-widget_type=\"text-editor.default\">\n\t\t\t\t<div class=\"elementor-widget-container\">\n\t\t\t<style>\/*! elementor - v3.11.2 - 22-02-2023 *\/\n.elementor-widget-text-editor.elementor-drop-cap-view-stacked .elementor-drop-cap{background-color:#818a91;color:#fff}.elementor-widget-text-editor.elementor-drop-cap-view-framed .elementor-drop-cap{color:#818a91;border:3px solid;background-color:transparent}.elementor-widget-text-editor:not(.elementor-drop-cap-view-default) .elementor-drop-cap{margin-top:8px}.elementor-widget-text-editor:not(.elementor-drop-cap-view-default) .elementor-drop-cap-letter{width:1em;height:1em}.elementor-widget-text-editor .elementor-drop-cap{float:left;text-align:center;line-height:1;font-size:50px}.elementor-widget-text-editor .elementor-drop-cap-letter{display:inline-block}<\/style>\t\t\t\t<p>El origen del grupo se remonta a la industria textil, rubro en el que la familia Eurnekian fue l\u00edder en Argentina. La integraci\u00f3n vertical se iniciaba desde la siembra del algod\u00f3n y la elaboraci\u00f3n del hilado, hasta el dise\u00f1o, confecci\u00f3n y tejido de indumentaria de primeras marcas.<\/p><p>A fines de la d\u00e9cada del 70, el grupo da un giro estrat\u00e9gico e ingresa al sector de las comunicaciones con el desarrollo de un multimedio en el que Cablevisi\u00f3n -la red operadora de TV por cable m\u00e1s extensa de Sudam\u00e9rica- era la arteria central del mismo, junto con el canal de TV Am\u00e9rica, adem\u00e1s de Am\u00e9rica 24 -primer canal de noticias en vivo las 24 horas , 4 estaciones de radio, el diario financiero El Cronista Comercial y el Vespertino Extra.<\/p>\t\t\t\t\t\t<\/div>\n\t\t\t\t<\/div>\n\t\t\t\t<div class=\"elementor-element elementor-element-2a25fc9 elementor-widget elementor-widget-heading\" data-id=\"2a25fc9\" data-element_type=\"widget\" data-widget_type=\"heading.default\">\n\t\t\t\t<div class=\"elementor-widget-container\">\n\t\t\t<h2 class=\"elementor-heading-title elementor-size-default\">Aeropuertos.<\/h2>\t\t<\/div>\n\t\t\t\t<\/div>\n\t\t\t\t<div class=\"elementor-element elementor-element-8f549b5 elementor-widget elementor-widget-text-editor\" data-id=\"8f549b5\" data-element_type=\"widget\" data-widget_type=\"text-editor.default\">\n\t\t\t\t<div class=\"elementor-widget-container\">\n\t\t\t\t\t\t\t<p>En 1998 Corporaci\u00f3n Am\u00e9rica se reconvierte nuevamente, obtiene la concesi\u00f3n para la operaci\u00f3n de 33 aeropuertos del que forman parte de sistema nacional argentino con su empresa Aeropuertos Argentina 2000. Este hecho convierte a la compa\u00f1\u00eda el flag-ship del holding.<\/p><p>Posteriormente en los a\u00f1os 2001 y 2008 incorpora a su gesti\u00f3n los aeropuertos de Neuqu\u00e9n y Bah\u00eda Blanca, diversificando su expansi\u00f3n a otros pa\u00edses de la regi\u00f3n, Europa y Asia.<\/p><p>En Latinoam\u00e9rica gana sucesivamente la concesi\u00f3n de los dos principales aeropuertos del Uruguay, Montevideo (2003) y Punta del Este (2008); de Brasil, con el de la nordestina Natal (2011) y su capital, Brasilia (2012); en Per\u00fa logra la concesi\u00f3n para operar cinco aeropuertos del sistema sur -Arequipa, Juliaca, Puerto Maldonado, Tacna y Ayacucho (2011) y en Ecuador las terminales de Guayaquil (2007) y Baltra, en el archipi\u00e9lago Gal\u00e1pagos (2011).<\/p><p>En Asia, el holding Corporaci\u00f3n Am\u00e9rica Airports administra y opera desde 2002 los aeropuertos de Yerevan y Gyumri en Armenia, y los de Pisa y Florencia, en la regi\u00f3n toscana de Italia desde 2014.<\/p><p>El 1 de febrero de 2018 se inicia una nueva etapa para la divisi\u00f3n aeroportuaria del grupo, Corporaci\u00f3n Am\u00e9rica Airports, hace una oferta p\u00fablica de acciones y comienza a cotizar en la Bolsa de Nueva York bajo el ticker CAAP.<\/p>\t\t\t\t\t\t<\/div>\n\t\t\t\t<\/div>\n\t\t\t\t<section class=\"elementor-section elementor-inner-section elementor-element elementor-element-a7e11d4 elementor-section-boxed elementor-section-height-default elementor-section-height-default\" data-id=\"a7e11d4\" data-element_type=\"section\">\n\t\t\t\t\t\t<div class=\"elementor-container elementor-column-gap-default\">\n\t\t\t\t\t<div class=\"elementor-column elementor-col-100 elementor-inner-column elementor-element elementor-element-e5ccaeb\" data-id=\"e5ccaeb\" data-element_type=\"column\">\n\t\t\t<div class=\"elementor-widget-wrap elementor-element-populated\">\n\t\t\t\t\t\t\t\t<div class=\"elementor-element elementor-element-478866c elementor-align-right elementor-mobile-align-center elementor-widget elementor-widget-button\" data-id=\"478866c\" data-element_type=\"widget\" data-widget_type=\"button.default\">\n\t\t\t\t<div class=\"elementor-widget-container\">\n\t\t\t\t\t<div class=\"elementor-button-wrapper\">\n\t\t\t<a href=\"http:\/\/corporacionamerica.com\/web\/corporacionamericaairports\/\" class=\"elementor-button-link elementor-button elementor-size-xs\" role=\"button\">\n\t\t\t\t\t\t<span class=\"elementor-button-content-wrapper\">\n\t\t\t\t\t\t<span class=\"elementor-button-text\">ir a Corporaci\u00f3n Am\u00e9rica Airports<\/span>\n\t\t<\/span>\n\t\t\t\t\t<\/a>\n\t\t<\/div>\n\t\t\t\t<\/div>\n\t\t\t\t<\/div>\n\t\t\t\t\t<\/div>\n\t\t<\/div>\n\t\t\t\t\t\t\t<\/div>\n\t\t<\/section>\n\t\t\t\t<div class=\"elementor-element elementor-element-4ca23ee elementor-widget elementor-widget-heading\" data-id=\"4ca23ee\" data-element_type=\"widget\" data-widget_type=\"heading.default\">\n\t\t\t\t<div class=\"elementor-widget-container\">\n\t\t\t<h2 class=\"elementor-heading-title elementor-size-default\">Energ\u00eda.<\/h2>\t\t<\/div>\n\t\t\t\t<\/div>\n\t\t\t\t<div class=\"elementor-element elementor-element-0ca4852 elementor-widget elementor-widget-text-editor\" data-id=\"0ca4852\" data-element_type=\"widget\" data-widget_type=\"text-editor.default\">\n\t\t\t\t<div class=\"elementor-widget-container\">\n\t\t\t\t\t\t\t<p>A su vez, enmarcado en su estrategia de diversificaci\u00f3n, el holding decide invertir en energ\u00eda. Instala en la primera d\u00e9cada del milenio una planta de biodiesel de ciclo completo en San Lorenzo, provincia de Santa Fe.<\/p><p>La creaci\u00f3n de Unitec Bio es la alternativa sustentable para complementar la matriz energ\u00e9tica de la regi\u00f3n. La planta de ciclo completo ubicada en Puerto Gral. San Mart\u00edn, provincia de Santa fe, produce 240.000 toneladas anuales de biodiesel y otros derivados. El objetivo es potenciar las energ\u00edas renovables en una regi\u00f3n con gran potencial productivo por sus condiciones clim\u00e1ticas y log\u00edsticas.<\/p><p>En el a\u00f1o 2013, Corporaci\u00f3n Am\u00e9rica International adquiere el paquete mayoritario de acciones de Compa\u00f1\u00eda General de Combustibles (CGC), ingresando plenamente en el sector energ\u00e9tico convencional. En 2015, CGC compra los activos de Petrobras en la Cuenca Austral (provincia de Santa Cruz) y con esta incorporaci\u00f3n se convierte en la l\u00edder en upstream y midstream de dicha cuenca.<\/p><p>CGC\u00a0(Compa\u00f1\u00eda General de Combustibles) concentra las operaciones de exploraci\u00f3n y producci\u00f3n de gas, como as\u00ed tambi\u00e9n las perforaciones de petr\u00f3leo convencional y no convencional (shale y tight). Esta compa\u00f1\u00eda l\u00edder en la producci\u00f3n gas\u00edfera en la Cuenca Austral Continental, provincia de Santa Cruz, accionista y co\/controlante de la mayor red de transporte de gas del norte y centro-oeste del pa\u00eds (TGN &#8211; Transportadora de Gas del Norte), que abastece a provincias y municipios, como as\u00ed tambi\u00e9n a pa\u00edses de la regi\u00f3n (Chile, Bolivia y Brasil).<\/p><p>En 2021 adquiere la empresa Sinopec Argentina Exploration and Production. Con esta compra, CGC incrementa sustantivamente su producci\u00f3n de barriles de petr\u00f3leo diarios e incorporando a sus activos m\u00e1s de 4.600 km2, la mayor parte de ellos ubicados en la Cuenca del Golfo de San Jorge, provincia de Santa Cruz, y en la Cuenca Cuyana, provincia de Mendoza.<\/p>\t\t\t\t\t\t<\/div>\n\t\t\t\t<\/div>\n\t\t\t\t<section class=\"elementor-section elementor-inner-section elementor-element elementor-element-bf1dd54 elementor-section-boxed elementor-section-height-default elementor-section-height-default\" data-id=\"bf1dd54\" data-element_type=\"section\">\n\t\t\t\t\t\t<div class=\"elementor-container elementor-column-gap-default\">\n\t\t\t\t\t<div class=\"elementor-column elementor-col-50 elementor-inner-column elementor-element elementor-element-6aa9db4\" data-id=\"6aa9db4\" data-element_type=\"column\">\n\t\t\t<div class=\"elementor-widget-wrap\">\n\t\t\t\t\t\t\t\t\t<\/div>\n\t\t<\/div>\n\t\t\t\t<div class=\"elementor-column elementor-col-50 elementor-inner-column elementor-element elementor-element-05f8720\" data-id=\"05f8720\" data-element_type=\"column\">\n\t\t\t<div class=\"elementor-widget-wrap elementor-element-populated\">\n\t\t\t\t\t\t\t\t<div class=\"elementor-element elementor-element-7384702 elementor-align-left elementor-widget__width-auto elementor-widget elementor-widget-button\" data-id=\"7384702\" data-element_type=\"widget\" data-widget_type=\"button.default\">\n\t\t\t\t<div class=\"elementor-widget-container\">\n\t\t\t\t\t<div class=\"elementor-button-wrapper\">\n\t\t\t<a href=\"http:\/\/corporacionamerica.com\/web\/companiageneraldecombustibles\/\" class=\"elementor-button-link elementor-button elementor-size-xs\" role=\"button\">\n\t\t\t\t\t\t<span class=\"elementor-button-content-wrapper\">\n\t\t\t\t\t\t<span class=\"elementor-button-text\">ir a CGC<\/span>\n\t\t<\/span>\n\t\t\t\t\t<\/a>\n\t\t<\/div>\n\t\t\t\t<\/div>\n\t\t\t\t<\/div>\n\t\t\t\t<div class=\"elementor-element elementor-element-69d0779 elementor-align-right elementor-widget__width-auto elementor-widget elementor-widget-button\" data-id=\"69d0779\" data-element_type=\"widget\" data-widget_type=\"button.default\">\n\t\t\t\t<div class=\"elementor-widget-container\">\n\t\t\t\t\t<div class=\"elementor-button-wrapper\">\n\t\t\t<a href=\"http:\/\/corporacionamerica.com\/web\/unitecbiocombustibles\/\" class=\"elementor-button-link elementor-button elementor-size-xs\" role=\"button\">\n\t\t\t\t\t\t<span class=\"elementor-button-content-wrapper\">\n\t\t\t\t\t\t<span class=\"elementor-button-text\">ir a UnitecBio<\/span>\n\t\t<\/span>\n\t\t\t\t\t<\/a>\n\t\t<\/div>\n\t\t\t\t<\/div>\n\t\t\t\t<\/div>\n\t\t\t\t\t<\/div>\n\t\t<\/div>\n\t\t\t\t\t\t\t<\/div>\n\t\t<\/section>\n\t\t\t\t<div class=\"elementor-element elementor-element-e98c89b elementor-widget elementor-widget-heading\" data-id=\"e98c89b\" data-element_type=\"widget\" data-widget_type=\"heading.default\">\n\t\t\t\t<div class=\"elementor-widget-container\">\n\t\t\t<h2 class=\"elementor-heading-title elementor-size-default\">Agroindustria.<\/h2>\t\t<\/div>\n\t\t\t\t<\/div>\n\t\t\t\t<div class=\"elementor-element elementor-element-bb70807 elementor-widget elementor-widget-text-editor\" data-id=\"bb70807\" data-element_type=\"widget\" data-widget_type=\"text-editor.default\">\n\t\t\t\t<div class=\"elementor-widget-container\">\n\t\t\t\t\t\t\t<p>En el segmento Agroindustrial, Corporaci\u00f3n Am\u00e9rica International controla dos empresas referentes en el sector, Bodega del Fin del Mundo y Unitec Bio.<\/p><p>En el rubro vitivin\u00edcola, la historia comienza en Armenia, especialmente en los establecimientos y vi\u00f1edos de la Bodega Karas, desde all\u00ed el holding decidi\u00f3 invertir en la Argentina y expandir los horizontes en la industria del vino.<\/p><p>Desde el a\u00f1o 2002 Bodega del Fin del Mundo, ubicada en localidad de San Patricio del Cha\u00f1ar en la provincia de Neuqu\u00e9n, lider\u00f3 la formaci\u00f3n y crecimiento de un nuevo polo vitivin\u00edcola en el sur de nuestro pa\u00eds. Actualmente, la compa\u00f1\u00eda es un referente regional y produce vinos de excelente calidad que comercializa en el mercado local y el internacional.<\/p><p>En las provincias de Chaco y Formosa, Unitec Bio cuenta con modernos establecimientos agropecuarios donde cultiva algod\u00f3n y diferentes oleaginosas en una superficie productiva que comprende m\u00e1s de 100.000 hect\u00e1reas. Cada calendario de siembras se organiza y planifica adecuadamente a fin de optimizar los recursos naturales del suelo y evaluar el comportamiento de los cereales y oleaginosas.<\/p><p>Asimismo, Unitec Bio conserva y monitorea una reserva de m\u00e1s de 5.000 hect\u00e1reas de bosques nativos en la provincia de Chaco y de m\u00e1s de 10.000 hect\u00e1reas en la provincia de Formosa.<\/p>\t\t\t\t\t\t<\/div>\n\t\t\t\t<\/div>\n\t\t\t\t<section class=\"elementor-section elementor-inner-section elementor-element elementor-element-0c4c0c8 elementor-section-boxed elementor-section-height-default elementor-section-height-default\" data-id=\"0c4c0c8\" data-element_type=\"section\">\n\t\t\t\t\t\t<div class=\"elementor-container elementor-column-gap-default\">\n\t\t\t\t\t<div class=\"elementor-column elementor-col-50 elementor-inner-column elementor-element elementor-element-33bef92\" data-id=\"33bef92\" data-element_type=\"column\">\n\t\t\t<div class=\"elementor-widget-wrap\">\n\t\t\t\t\t\t\t\t\t<\/div>\n\t\t<\/div>\n\t\t\t\t<div class=\"elementor-column elementor-col-50 elementor-inner-column elementor-element elementor-element-acd1c76\" data-id=\"acd1c76\" data-element_type=\"column\">\n\t\t\t<div class=\"elementor-widget-wrap elementor-element-populated\">\n\t\t\t\t\t\t\t\t<div class=\"elementor-element elementor-element-64a7859 elementor-align-left elementor-widget__width-auto elementor-widget elementor-widget-button\" data-id=\"64a7859\" data-element_type=\"widget\" data-widget_type=\"button.default\">\n\t\t\t\t<div class=\"elementor-widget-container\">\n\t\t\t\t\t<div class=\"elementor-button-wrapper\">\n\t\t\t<a href=\"http:\/\/corporacionamerica.com\/web\/unitecbio-agroindustria\/\" class=\"elementor-button-link elementor-button elementor-size-xs\" role=\"button\">\n\t\t\t\t\t\t<span class=\"elementor-button-content-wrapper\">\n\t\t\t\t\t\t<span class=\"elementor-button-text\">ir a Unitecbio<\/span>\n\t\t<\/span>\n\t\t\t\t\t<\/a>\n\t\t<\/div>\n\t\t\t\t<\/div>\n\t\t\t\t<\/div>\n\t\t\t\t<div class=\"elementor-element elementor-element-800f800 elementor-align-left elementor-widget__width-auto elementor-widget elementor-widget-button\" data-id=\"800f800\" data-element_type=\"widget\" data-widget_type=\"button.default\">\n\t\t\t\t<div class=\"elementor-widget-container\">\n\t\t\t\t\t<div class=\"elementor-button-wrapper\">\n\t\t\t<a href=\"http:\/\/corporacionamerica.com\/web\/bodegas-fin-del-mundo\/\" class=\"elementor-button-link elementor-button elementor-size-xs\" role=\"button\">\n\t\t\t\t\t\t<span class=\"elementor-button-content-wrapper\">\n\t\t\t\t\t\t<span class=\"elementor-button-text\">ir a BDFM<\/span>\n\t\t<\/span>\n\t\t\t\t\t<\/a>\n\t\t<\/div>\n\t\t\t\t<\/div>\n\t\t\t\t<\/div>\n\t\t\t\t\t<\/div>\n\t\t<\/div>\n\t\t\t\t\t\t\t<\/div>\n\t\t<\/section>\n\t\t\t\t<div class=\"elementor-element elementor-element-ac43a7f elementor-widget elementor-widget-heading\" data-id=\"ac43a7f\" data-element_type=\"widget\" data-widget_type=\"heading.default\">\n\t\t\t\t<div class=\"elementor-widget-container\">\n\t\t\t<h2 class=\"elementor-heading-title elementor-size-default\">Infraestructura.<\/h2>\t\t<\/div>\n\t\t\t\t<\/div>\n\t\t\t\t<div class=\"elementor-element elementor-element-1a4d001 elementor-widget elementor-widget-text-editor\" data-id=\"1a4d001\" data-element_type=\"widget\" data-widget_type=\"text-editor.default\">\n\t\t\t\t<div class=\"elementor-widget-container\">\n\t\t\t\t\t\t\t<p>Con la constructora Helport S.A., el holding ha hecho pie en el sector de construcci\u00f3n e infraestructura, tanto en obras para el \u00e1mbito privado como en la obra p\u00fablica. Es as\u00ed como lleva construidas desde grandes edificios a terminales a\u00e9reas y pistas de aterrizaje, adem\u00e1s de m\u00e1s de 1.200 km de rutas en Argentina.<\/p><p>Actualmente desarrolla emprendimientos inmobiliarios a trav\u00e9s de la empresa Corporaci\u00f3n Am\u00e9rica Real Estate.<\/p><p>Uno de los proyectos m\u00e1s significativo de la unidad es Distrito Las Artes, predio de 23 hect\u00e1reas ubicado en la ciudad de C\u00f3rdoba, la cual tiene como iniciativa transformarse en el primer Ecodistrito del pa\u00eds, contemplar\u00e1 viviendas, oficinas, capilla, centros comerciales y de salud.<\/p>\t\t\t\t\t\t<\/div>\n\t\t\t\t<\/div>\n\t\t\t\t<section class=\"elementor-section elementor-inner-section elementor-element elementor-element-737e5ff elementor-section-boxed elementor-section-height-default elementor-section-height-default\" data-id=\"737e5ff\" data-element_type=\"section\">\n\t\t\t\t\t\t<div class=\"elementor-container elementor-column-gap-default\">\n\t\t\t\t\t<div class=\"elementor-column elementor-col-100 elementor-inner-column elementor-element elementor-element-a0c00f6\" data-id=\"a0c00f6\" data-element_type=\"column\">\n\t\t\t<div class=\"elementor-widget-wrap elementor-element-populated\">\n\t\t\t\t\t\t\t\t<div class=\"elementor-element elementor-element-7dadaea elementor-align-right elementor-mobile-align-center elementor-widget elementor-widget-button\" data-id=\"7dadaea\" data-element_type=\"widget\" data-widget_type=\"button.default\">\n\t\t\t\t<div class=\"elementor-widget-container\">\n\t\t\t\t\t<div class=\"elementor-button-wrapper\">\n\t\t\t<a href=\"http:\/\/corporacionamerica.com\/web\/helportar\/\" class=\"elementor-button-link elementor-button elementor-size-xs\" role=\"button\">\n\t\t\t\t\t\t<span class=\"elementor-button-content-wrapper\">\n\t\t\t\t\t\t<span class=\"elementor-button-text\">ir a Helport<\/span>\n\t\t<\/span>\n\t\t\t\t\t<\/a>\n\t\t<\/div>\n\t\t\t\t<\/div>\n\t\t\t\t<\/div>\n\t\t\t\t\t<\/div>\n\t\t<\/div>\n\t\t\t\t\t\t\t<\/div>\n\t\t<\/section>\n\t\t\t\t<div class=\"elementor-element elementor-element-7fbff03 elementor-widget elementor-widget-heading\" data-id=\"7fbff03\" data-element_type=\"widget\" data-widget_type=\"heading.default\">\n\t\t\t\t<div class=\"elementor-widget-container\">\n\t\t\t<h2 class=\"elementor-heading-title elementor-size-default\">Servicios.<\/h2>\t\t<\/div>\n\t\t\t\t<\/div>\n\t\t\t\t<div class=\"elementor-element elementor-element-0610b57 elementor-widget elementor-widget-text-editor\" data-id=\"0610b57\" data-element_type=\"widget\" data-widget_type=\"text-editor.default\">\n\t\t\t\t<div class=\"elementor-widget-container\">\n\t\t\t\t\t\t\t<p>En el rubro de servicios, Corporaci\u00f3n Am\u00e9rica canaliza los negocios de retail a trav\u00e9s de las empresas Shop Gallery y Conamer S.A., las cuales se encuentran presentes en la mayor\u00eda de los aeropuertos administrados por el holding.<\/p><p>En cada local se ofrecen las mejores marcas nacionales e internacionales en un ambiente moderno y \u00fanico para todos aquellos que transitan una terminal a\u00e9rea, un servicio \u201ctravel retail\u201d similar a los brindados en los Duty Free Shops.<\/p>\t\t\t\t\t\t<\/div>\n\t\t\t\t<\/div>\n\t\t\t\t<section class=\"elementor-section elementor-inner-section elementor-element elementor-element-7f77719 elementor-section-boxed elementor-section-height-default elementor-section-height-default\" data-id=\"7f77719\" data-element_type=\"section\">\n\t\t\t\t\t\t<div class=\"elementor-container elementor-column-gap-default\">\n\t\t\t\t\t<div class=\"elementor-column elementor-col-50 elementor-inner-column elementor-element elementor-element-d56a63b\" data-id=\"d56a63b\" data-element_type=\"column\">\n\t\t\t<div class=\"elementor-widget-wrap\">\n\t\t\t\t\t\t\t\t\t<\/div>\n\t\t<\/div>\n\t\t\t\t<div class=\"elementor-column elementor-col-50 elementor-inner-column elementor-element elementor-element-860fd90\" data-id=\"860fd90\" data-element_type=\"column\">\n\t\t\t<div class=\"elementor-widget-wrap elementor-element-populated\">\n\t\t\t\t\t\t\t\t<div class=\"elementor-element elementor-element-9853f11 elementor-align-left elementor-widget__width-auto elementor-mobile-align-center elementor-widget elementor-widget-button\" data-id=\"9853f11\" data-element_type=\"widget\" data-widget_type=\"button.default\">\n\t\t\t\t<div class=\"elementor-widget-container\">\n\t\t\t\t\t<div class=\"elementor-button-wrapper\">\n\t\t\t<a href=\"#aeropuertos\" class=\"elementor-button-link elementor-button elementor-size-xs\" role=\"button\">\n\t\t\t\t\t\t<span class=\"elementor-button-content-wrapper\">\n\t\t\t\t\t\t<span class=\"elementor-button-text\">ir a Servicios<\/span>\n\t\t<\/span>\n\t\t\t\t\t<\/a>\n\t\t<\/div>\n\t\t\t\t<\/div>\n\t\t\t\t<\/div>\n\t\t\t\t\t<\/div>\n\t\t<\/div>\n\t\t\t\t\t\t\t<\/div>\n\t\t<\/section>\n\t\t\t\t<div class=\"elementor-element elementor-element-104d546 elementor-widget elementor-widget-heading\" data-id=\"104d546\" data-element_type=\"widget\" data-widget_type=\"heading.default\">\n\t\t\t\t<div class=\"elementor-widget-container\">\n\t\t\t<h2 class=\"elementor-heading-title elementor-size-default\">Tecnolog\u00eda.<\/h2>\t\t<\/div>\n\t\t\t\t<\/div>\n\t\t\t\t<div class=\"elementor-element elementor-element-0d47766 elementor-widget elementor-widget-text-editor\" data-id=\"0d47766\" data-element_type=\"widget\" data-widget_type=\"text-editor.default\">\n\t\t\t\t<div class=\"elementor-widget-container\">\n\t\t\t\t\t\t\t<p>En el a\u00f1o 2013 Corporaci\u00f3n Am\u00e9rica International ingresa al sector tecnol\u00f3gico creando la empresa Unitec Blue. Las instalaciones y planta productiva se encuentran ubicadas en la ciudad de Chascom\u00fas, provincia de Buenos Aires.<\/p><p>La significativa inversi\u00f3n inicial estuvo destinada a infraestructura en general, laboratorios y salas de producci\u00f3n, como as\u00ed tambi\u00e9n al equipamiento de los principales referentes del sector, lo cual permiti\u00f3 que los procesos de fabricaci\u00f3n de tarjetas, personalizaci\u00f3n cumplan con est\u00e1ndares internacionales de calidad y seguridad.<\/p><p>Las l\u00edneas productivas desarrolladas en Unitec Blue est\u00e1n destinadas a abastecer a diversos rubros, el sector bancario, de transporte, log\u00edstica, medicina y agroindustrias a nivel local y regional.<\/p>\t\t\t\t\t\t<\/div>\n\t\t\t\t<\/div>\n\t\t\t\t<section class=\"elementor-section elementor-inner-section elementor-element elementor-element-744f829 elementor-section-boxed elementor-section-height-default elementor-section-height-default\" data-id=\"744f829\" data-element_type=\"section\">\n\t\t\t\t\t\t<div class=\"elementor-container elementor-column-gap-default\">\n\t\t\t\t\t<div class=\"elementor-column elementor-col-100 elementor-inner-column elementor-element elementor-element-53a47ce\" data-id=\"53a47ce\" data-element_type=\"column\">\n\t\t\t<div class=\"elementor-widget-wrap elementor-element-populated\">\n\t\t\t\t\t\t\t\t<div class=\"elementor-element elementor-element-b067fee elementor-align-right elementor-mobile-align-center elementor-widget elementor-widget-button\" data-id=\"b067fee\" data-element_type=\"widget\" data-widget_type=\"button.default\">\n\t\t\t\t<div class=\"elementor-widget-container\">\n\t\t\t\t\t<div class=\"elementor-button-wrapper\">\n\t\t\t<a href=\"http:\/\/corporacionamerica.com\/web\/unitecbluear\/\" class=\"elementor-button-link elementor-button elementor-size-xs\" role=\"button\">\n\t\t\t\t\t\t<span class=\"elementor-button-content-wrapper\">\n\t\t\t\t\t\t<span class=\"elementor-button-text\">ir a Unitecblue<\/span>\n\t\t<\/span>\n\t\t\t\t\t<\/a>\n\t\t<\/div>\n\t\t\t\t<\/div>\n\t\t\t\t<\/div>\n\t\t\t\t\t<\/div>\n\t\t<\/div>\n\t\t\t\t\t\t\t<\/div>\n\t\t<\/section>\n\t\t\t\t\t<\/div>\n\t\t<\/div>\n\t\t\t\t\t\t\t<\/div>\n\t\t<\/section>\n\t\t\t\t\t\t\t<\/div>\n\t\t","protected":false},"excerpt":{"rendered":"<p>Inicios. El origen del grupo se remonta a la industria textil, rubro en el que la familia Eurnekian fue l\u00edder en Argentina. La integraci\u00f3n vertical se iniciaba desde la siembra del algod\u00f3n y la elaboraci\u00f3n del hilado, hasta el dise\u00f1o, confecci\u00f3n y tejido de indumentaria de primeras marcas. A fines de la d\u00e9cada del 70, [&hellip;]<\/p>\n","protected":false},"author":1,"featured_media":0,"parent":0,"menu_order":0,"comment_status":"closed","ping_status":"closed","template":"","meta":{"inline_featured_image":false,"footnotes":""},"class_list":["post-775","page","type-page","status-publish","hentry","entry"],"acf":[],"_links":{"self":[{"href":"https:\/\/corporacionamerica.com\/web\/wp-json\/wp\/v2\/pages\/775","targetHints":{"allow":["GET"]}}],"collection":[{"href":"https:\/\/corporacionamerica.com\/web\/wp-json\/wp\/v2\/pages"}],"about":[{"href":"https:\/\/corporacionamerica.com\/web\/wp-json\/wp\/v2\/types\/page"}],"author":[{"embeddable":true,"href":"https:\/\/corporacionamerica.com\/web\/wp-json\/wp\/v2\/users\/1"}],"replies":[{"embeddable":true,"href":"https:\/\/corporacionamerica.com\/web\/wp-json\/wp\/v2\/comments?post=775"}],"version-history":[{"count":133,"href":"https:\/\/corporacionamerica.com\/web\/wp-json\/wp\/v2\/pages\/775\/revisions"}],"predecessor-version":[{"id":2209,"href":"https:\/\/corporacionamerica.com\/web\/wp-json\/wp\/v2\/pages\/775\/revisions\/2209"}],"wp:attachment":[{"href":"https:\/\/corporacionamerica.com\/web\/wp-json\/wp\/v2\/media?parent=775"}],"curies":[{"name":"wp","href":"https:\/\/api.w.org\/{rel}","templated":true}]}}